{"id":9726,"date":"2024-05-20T00:24:49","date_gmt":"2024-05-19T22:24:49","guid":{"rendered":"https:\/\/www.demokratie-geschichte.de\/index.php\/?page_id=9726"},"modified":"2026-03-24T18:14:02","modified_gmt":"2026-03-24T17:14:02","slug":"gremien","status":"publish","type":"page","link":"https:\/\/www.demokratie-geschichte.de\/index.php\/gremien\/","title":{"rendered":"Gremien"},"content":{"rendered":"\n<h1 class=\"wp-block-heading has-text-align-left has-large-font-size\">Stiftungsrat&nbsp;<\/h1>\n\n\n\n<p>Der Stiftungsrat ist das h\u00f6chste Organ der Stiftung Orte der deutschen Demokratiegeschichte. Er beschlie\u00dft \u00fcber alle grunds\u00e4tzlichen Fragen der Stiftung, insbesondere \u00fcber die Satzung, die Grundz\u00fcge der Programmgestaltung, den Wirtschaftsplan und wichtige Personalentscheidungen. Er legt die F\u00f6rderrichtlinien und F\u00f6rderschwerpunkte der Stiftung fest und trifft grunds\u00e4tzlich die F\u00f6rderentscheidungen. (\u00a76 Abs 5 OrtedtDGStiftG)&nbsp;<\/p>\n\n\n\n<p>Die Mitglieder des Stiftungsrats sind auf f\u00fcnf Jahre entsandt. Er besteht aus vier Mitgliedern aus dem Deutschen Bundestag, zwei von der Bundesregierung bestellten Mitgliedern, davon ein Mitglied auf Vorschlag der f\u00fcr Kultur und Medien zust\u00e4ndigen obersten Bundesbeh\u00f6rde und ein Mitglied auf Vorschlag des Bundesministeriums der Justiz und f\u00fcr Verbraucherschutz, zwei Mitglieder, die von der Kulturministerkonferenz in der St\u00e4ndigen Konferenz der Kultusminister der L\u00e4nder entsandt werden. Zwei weitere von der Bundesregierung entsandte Mitglieder sind sachverst\u00e4ndige Pers\u00f6nlichkeiten, deren Engagement geeignet ist, die Angelegenheiten der Stiftung in besonderer Weise zu f\u00f6rdern. Mitglieder des Stiftungsrats kraft Amtes sind die Vorsitzende oder der Vorsitzende des Stiftungsbeirats sowie die Pr\u00e4sidentinnen oder Pr\u00e4sidenten der Stiftung Deutsches Historisches Museum, der Stiftung Haus der Geschichte der Bundesrepublik Deutschland und der Bundeszentrale f\u00fcr politische Bildung.<\/p>\n\n\n\n<p>(Stand Oktober 2025)<\/p>\n\n\n\n<h2 class=\"wp-block-heading has-text-align-center\"><strong>Vorsitzender des Stiftungsrats<\/strong><\/h2>\n\n\n\n<div class=\"wp-block-media-text has-media-on-the-right is-stacked-on-mobile\"><div class=\"wp-block-media-text__content\">\n<h3 class=\"wp-block-heading\">Dr. h.c. Volker Bouffier<\/h3>\n\n\n\n<p>Hessischer Ministerpr\u00e4sident a.D. <\/p>\n<\/div><figure class=\"wp-block-media-text__media\"><img loading=\"lazy\" decoding=\"async\" width=\"1024\" height=\"683\" src=\"https:\/\/www.demokratie-geschichte.de\/wp-content\/uploads\/2024\/10\/Bouffier_c-Tobias-Koch_Pressefoto-1024x683.jpg\" alt=\"Volker Bouffier steht in blauem Anzug mit wei\u00dfem Hemd und roter Krawatte l\u00e4chelnd vor einer grauen Wand und blickt in die Kamera.\" class=\"wp-image-10682 size-full\" srcset=\"https:\/\/www.demokratie-geschichte.de\/wp-content\/uploads\/2024\/10\/Bouffier_c-Tobias-Koch_Pressefoto-1024x683.jpg 1024w, https:\/\/www.demokratie-geschichte.de\/wp-content\/uploads\/2024\/10\/Bouffier_c-Tobias-Koch_Pressefoto-300x200.jpg 300w, https:\/\/www.demokratie-geschichte.de\/wp-content\/uploads\/2024\/10\/Bouffier_c-Tobias-Koch_Pressefoto-768x512.jpg 768w, https:\/\/www.demokratie-geschichte.de\/wp-content\/uploads\/2024\/10\/Bouffier_c-Tobias-Koch_Pressefoto-1536x1024.jpg 1536w, https:\/\/www.demokratie-geschichte.de\/wp-content\/uploads\/2024\/10\/Bouffier_c-Tobias-Koch_Pressefoto-2048x1365.jpg 2048w, https:\/\/www.demokratie-geschichte.de\/wp-content\/uploads\/2024\/10\/Bouffier_c-Tobias-Koch_Pressefoto-1200x800.jpg 1200w, https:\/\/www.demokratie-geschichte.de\/wp-content\/uploads\/2024\/10\/Bouffier_c-Tobias-Koch_Pressefoto-720x480.jpg 720w\" sizes=\"auto, (max-width: 1024px) 100vw, 1024px\" \/><\/figure><\/div>\n\n\n\n<hr class=\"wp-block-separator has-alpha-channel-opacity is-style-default\"\/>\n\n\n\n<h2 class=\"wp-block-heading has-text-align-center\"><strong>Stellvertretende Vorsitzende des Stiftungsrats<\/strong><\/h2>\n\n\n\n<div class=\"wp-block-media-text has-media-on-the-right is-stacked-on-mobile\"><div class=\"wp-block-media-text__content\">\n<h3 class=\"wp-block-heading\">Ministerialdirektorin Maria Bering<\/h3>\n\n\n\n<p>St\u00e4ndige Vertretung des Leitenden Beamten beim Beauftragten der Bundesregierung f\u00fcr Kultur und Medien<\/p>\n<\/div><figure class=\"wp-block-media-text__media\"><\/figure><\/div>\n\n\n\n<hr class=\"wp-block-separator has-alpha-channel-opacity is-style-default\"\/>\n\n\n\n<h2 class=\"wp-block-heading has-text-align-center\"><strong>f\u00fcr den Deutschen Bundestag<\/strong><\/h2>\n\n\n\n<div class=\"wp-block-media-text has-media-on-the-right is-stacked-on-mobile\"><div class=\"wp-block-media-text__content\">\n<h3 class=\"wp-block-heading\">Volker Kauder<\/h3>\n\n\n\n<p>CDU\/CSU<\/p>\n<\/div><figure class=\"wp-block-media-text__media\"><\/figure><\/div>\n\n\n\n<div class=\"wp-block-media-text has-media-on-the-right is-stacked-on-mobile\"><div class=\"wp-block-media-text__content\">\n<h3 class=\"wp-block-heading\">Daniela Ludwig MdB<\/h3>\n\n\n\n<p>CDU\/CSU<\/p>\n<\/div><figure class=\"wp-block-media-text__media\"><\/figure><\/div>\n\n\n\n<div class=\"wp-block-media-text has-media-on-the-right is-stacked-on-mobile\"><div class=\"wp-block-media-text__content\">\n<h3 class=\"wp-block-heading\">Marianne Schieder <\/h3>\n\n\n\n<p>SPD<\/p>\n<\/div><figure class=\"wp-block-media-text__media\"><\/figure><\/div>\n\n\n\n<div class=\"wp-block-media-text has-media-on-the-right is-stacked-on-mobile\"><div class=\"wp-block-media-text__content\">\n<h3 class=\"wp-block-heading\">Awet Tesfaiesus MdB <\/h3>\n\n\n\n<p>B\u00fcndnis 90\/Die Gr\u00fcnen<\/p>\n<\/div><figure class=\"wp-block-media-text__media\"><\/figure><\/div>\n\n\n\n<hr class=\"wp-block-separator has-alpha-channel-opacity is-style-default\"\/>\n\n\n\n<h2 class=\"wp-block-heading has-text-align-center\"><strong>f\u00fcr die Bundesregierung<\/strong><\/h2>\n\n\n\n<div class=\"wp-block-media-text has-media-on-the-right is-stacked-on-mobile\"><div class=\"wp-block-media-text__content\">\n<h3 class=\"wp-block-heading\">Ministerialdirektorin Maria Bering<\/h3>\n\n\n\n<p>St\u00e4ndige Vertretung des Leitenden Beamten beim Beauftragten der Bundesregierung f\u00fcr Kultur und Medien<\/p>\n<\/div><figure class=\"wp-block-media-text__media\"><\/figure><\/div>\n\n\n\n<div class=\"wp-block-media-text has-media-on-the-right is-stacked-on-mobile\"><div class=\"wp-block-media-text__content\">\n<h3 class=\"wp-block-heading\">Sabine Leutheusser-Schnarrenberger<\/h3>\n\n\n\n<p>Bundesministerin a.D. der Justiz<\/p>\n<\/div><figure class=\"wp-block-media-text__media\"><\/figure><\/div>\n\n\n\n<div class=\"wp-block-media-text has-media-on-the-right is-stacked-on-mobile\"><div class=\"wp-block-media-text__content\">\n<h3 class=\"wp-block-heading\">Prof. Dr. Dr. Michel Friedman<\/h3>\n\n\n\n<p>Jurist, Publizist und Philosoph<\/p>\n\n\n\n<p><em>Als sachverst\u00e4ndige Pers\u00f6nlichkeit von der Bundesregierung entsandt.<\/em><\/p>\n<\/div><figure class=\"wp-block-media-text__media\"><\/figure><\/div>\n\n\n\n<div class=\"wp-block-media-text has-media-on-the-right is-stacked-on-mobile\"><div class=\"wp-block-media-text__content\">\n<h3 class=\"wp-block-heading\">Dr. Oliver Schmolke<\/h3>\n\n\n\n<p>Bundespr\u00e4sidialamt<\/p>\n\n\n\n<p><em>Als sachverst\u00e4ndige Pers\u00f6nlichkeit von der Bundesregierung entsandt.<\/em><\/p>\n<\/div><figure class=\"wp-block-media-text__media\"><\/figure><\/div>\n\n\n\n<hr class=\"wp-block-separator has-alpha-channel-opacity is-style-default\"\/>\n\n\n\n<h2 class=\"wp-block-heading has-text-align-center\"><strong>als Vertreterinnen und Vertreter der L\u00e4nder<\/strong><\/h2>\n\n\n\n<div class=\"wp-block-media-text has-media-on-the-right is-stacked-on-mobile\"><div class=\"wp-block-media-text__content\">\n<h3 class=\"wp-block-heading\">Dr. h.c. Volker Bouffier<\/h3>\n\n\n\n<p>Hessischer Ministerpr\u00e4sident a.D.<\/p>\n<\/div><figure class=\"wp-block-media-text__media\"><\/figure><\/div>\n\n\n\n<div class=\"wp-block-media-text has-media-on-the-right is-stacked-on-mobile\"><div class=\"wp-block-media-text__content\">\n<h3 class=\"wp-block-heading has-text-align-left\">Bettina Martin<\/h3>\n\n\n\n<p class=\"has-text-align-left\">Ministerin f\u00fcr Wissenschaft, Kultur, Bundes- und Europaangelegenheiten des Landes Mecklenburg-Vorpommern<\/p>\n<\/div><figure class=\"wp-block-media-text__media\"><\/figure><\/div>\n\n\n\n<hr class=\"wp-block-separator has-alpha-channel-opacity is-style-default\"\/>\n\n\n\n<h2 class=\"wp-block-heading has-text-align-center\"><strong>als Vorsitzende des Stiftungsbeirats<\/strong><\/h2>\n\n\n\n<div class=\"wp-block-media-text has-media-on-the-right is-stacked-on-mobile\"><div class=\"wp-block-media-text__content\">\n<h3 class=\"wp-block-heading\">Dr. Anna Kaminsky<\/h3>\n\n\n\n<p>Direktorin der Bundesstiftung zur Aufarbeitung der SED-Diktatur <\/p>\n<\/div><figure class=\"wp-block-media-text__media\"><\/figure><\/div>\n\n\n\n<hr class=\"wp-block-separator has-alpha-channel-opacity is-style-default\"\/>\n\n\n\n<h2 class=\"wp-block-heading has-text-align-center\"><strong>qua Amt<\/strong><\/h2>\n\n\n\n<div class=\"wp-block-media-text has-media-on-the-right is-stacked-on-mobile\"><div class=\"wp-block-media-text__content\">\n<h3 class=\"wp-block-heading\">Prof. Dr. Harald Biermann<\/h3>\n\n\n\n<p>Pr\u00e4sident der Stiftung Haus der Geschichte der Bundesrepublik Deutschland<\/p>\n<\/div><figure class=\"wp-block-media-text__media\"><\/figure><\/div>\n\n\n\n<div class=\"wp-block-media-text has-media-on-the-right is-stacked-on-mobile\"><div class=\"wp-block-media-text__content\">\n<h3 class=\"wp-block-heading\">Prof. Dr. Raphael Gross<\/h3>\n\n\n\n<p>Pr\u00e4sident der Stiftung Deutsches Historisches Museums<\/p>\n<\/div><figure class=\"wp-block-media-text__media\"><\/figure><\/div>\n\n\n\n<hr class=\"wp-block-separator has-alpha-channel-opacity is-style-default\"\/>\n\n\n\n<h2 class=\"wp-block-heading has-text-align-center\"><strong>Ehemalige Mitglieder des Stiftungsrats<\/strong><\/h2>\n\n\n\n<div class=\"wp-block-media-text has-media-on-the-right is-stacked-on-mobile\"><div class=\"wp-block-media-text__content\">\n<h3 class=\"wp-block-heading\"><strong>Claudia Roth MdB<\/strong><\/h3>\n\n\n\n<p>Vorsitzende des Stiftungsrats<\/p>\n\n\n\n<p>Bis Feb. 2025 Staatsministerin beim Bundeskanzler und Beauftragte der Bundesregierung f\u00fcr Kultur und Medien<\/p>\n<\/div><figure class=\"wp-block-media-text__media\"><\/figure><\/div>\n\n\n\n<div class=\"wp-block-media-text has-media-on-the-right is-stacked-on-mobile\"><div class=\"wp-block-media-text__content\">\n<h3 class=\"wp-block-heading\"><strong>Gitta Connemann MdB<\/strong><\/h3>\n\n\n\n<p>f\u00fcr den Deutschen Bundestag<\/p>\n\n\n\n<p>CDU\/CSU<\/p>\n<\/div><figure class=\"wp-block-media-text__media\"><\/figure><\/div>\n\n\n\n<div style=\"height:100px\" aria-hidden=\"true\" class=\"wp-block-spacer\"><\/div>\n\n\n\n<h1 class=\"wp-block-heading has-text-align-left has-large-font-size\">Stiftungsbeirat&nbsp;&nbsp;<\/h1>\n\n\n\n<p>Der Stiftungsbeirat ist ein beratendes Gremium.&nbsp;Er ber\u00e4t den Stiftungsrat und den Direktor der Stiftung zur inhaltlichen Ausrichtung, zur Programmplanung und zu den F\u00f6rderschwerpunkten der Stiftung. Er spricht gegen\u00fcber dem Stiftungsrat Empfehlungen zu den eingegangenen F\u00f6rderantr\u00e4gen aus.<\/p>\n\n\n\n<p>Der Stiftungsbeirat setzt sich aus bis zu zw\u00f6lf ausgewiesenen sachkundigen Pers\u00f6nlichkeiten insbesondere aus der deutschen und europ\u00e4ischen historisch-politischen Bildungsarbeit und Wissenschaft sowie Praktikerinnen und Praktikern des Museums- und Gedenkst\u00e4ttenbereichs zusammen. Sie werden vom Stiftungsrat f\u00fcr f\u00fcnf Jahre berufen.<\/p>\n\n\n\n<p><\/p>\n\n\n\n<h2 class=\"wp-block-heading has-text-align-center\"><strong>Vorsitzende des Stiftungsbeirats<\/strong><\/h2>\n\n\n\n<div class=\"wp-block-media-text has-media-on-the-right is-stacked-on-mobile\"><div class=\"wp-block-media-text__content\">\n<h3 class=\"wp-block-heading\">Dr. Anna Kaminsky<\/h3>\n\n\n\n<p>Direktorin der Bundesstiftung zur Aufarbeitung der SED-Diktatur<\/p>\n<\/div><figure class=\"wp-block-media-text__media\"><img loading=\"lazy\" decoding=\"async\" width=\"1024\" height=\"672\" src=\"https:\/\/www.demokratie-geschichte.de\/wp-content\/uploads\/2024\/10\/Kaminsky_mit-c_Dr-Anna-Kaminsky_c-BstAuf_quer-min-1024x672.jpg\" alt=\"\" class=\"wp-image-10532 size-full\" srcset=\"https:\/\/www.demokratie-geschichte.de\/wp-content\/uploads\/2024\/10\/Kaminsky_mit-c_Dr-Anna-Kaminsky_c-BstAuf_quer-min-1024x672.jpg 1024w, https:\/\/www.demokratie-geschichte.de\/wp-content\/uploads\/2024\/10\/Kaminsky_mit-c_Dr-Anna-Kaminsky_c-BstAuf_quer-min-300x197.jpg 300w, https:\/\/www.demokratie-geschichte.de\/wp-content\/uploads\/2024\/10\/Kaminsky_mit-c_Dr-Anna-Kaminsky_c-BstAuf_quer-min-768x504.jpg 768w, https:\/\/www.demokratie-geschichte.de\/wp-content\/uploads\/2024\/10\/Kaminsky_mit-c_Dr-Anna-Kaminsky_c-BstAuf_quer-min-1536x1008.jpg 1536w, https:\/\/www.demokratie-geschichte.de\/wp-content\/uploads\/2024\/10\/Kaminsky_mit-c_Dr-Anna-Kaminsky_c-BstAuf_quer-min-2048x1344.jpg 2048w\" sizes=\"auto, (max-width: 1024px) 100vw, 1024px\" \/><\/figure><\/div>\n\n\n\n<hr class=\"wp-block-separator has-alpha-channel-opacity\"\/>\n\n\n\n<h2 class=\"wp-block-heading has-text-align-center\"><strong>Stellvertretender Vorsitzender des Stiftungsbeirats<\/strong><\/h2>\n\n\n\n<div class=\"wp-block-media-text has-media-on-the-right is-stacked-on-mobile\"><div class=\"wp-block-media-text__content\">\n<h3 class=\"wp-block-heading\">Dr. Clemens Rehm<\/h3>\n\n\n\n<p>Ehemaliger Leiter der Abteilung Archivischer Grundsatz und stellv. Pr\u00e4sident des Landesarchivs Baden-W\u00fcrttemberg<\/p>\n<\/div><figure class=\"wp-block-media-text__media\"><\/figure><\/div>\n\n\n\n<hr class=\"wp-block-separator has-alpha-channel-opacity\"\/>\n\n\n\n<div class=\"wp-block-media-text has-media-on-the-right is-stacked-on-mobile\"><div class=\"wp-block-media-text__content\">\n<h3 class=\"wp-block-heading\">Prof. Dr. Corine Defrance<\/h3>\n\n\n\n<p>Professorin f\u00fcr Geschichtswissenschaft an der Universit\u00e9 Paris I Panth\u00e9on-Sorbonne<\/p>\n<\/div><figure class=\"wp-block-media-text__media\"><\/figure><\/div>\n\n\n\n<div class=\"wp-block-media-text has-media-on-the-right is-stacked-on-mobile\"><div class=\"wp-block-media-text__content\">\n<h3 class=\"wp-block-heading\">Franziska Deutschmann<\/h3>\n\n\n\n<p>Vorst\u00e4ndin der Louise-Otto-Peters-Gesellschaft e.V. und des Louise-Otto-Peters-Archivs<\/p>\n<\/div><figure class=\"wp-block-media-text__media\"><\/figure><\/div>\n\n\n\n<div class=\"wp-block-media-text has-media-on-the-right is-stacked-on-mobile\"><div class=\"wp-block-media-text__content\">\n<h3 class=\"wp-block-heading\">Prof. Dr. Karim Fereidooni<\/h3>\n\n\n\n<p>Professor f\u00fcr Didaktik der sozialwissenschaftlichen Bildung an der Ruhr-Universit\u00e4t Bochum<\/p>\n<\/div><figure class=\"wp-block-media-text__media\"><\/figure><\/div>\n\n\n\n<div class=\"wp-block-media-text has-media-on-the-right is-stacked-on-mobile\"><div class=\"wp-block-media-text__content\">\n<h3 class=\"wp-block-heading\">Prof. Dr. Theo Jung<\/h3>\n\n\n\n<p>Professor f\u00fcr Neuere und Neueste Geschichte an der Martin-Luther-Universit\u00e4t Halle-Wittenberg<\/p>\n<\/div><figure class=\"wp-block-media-text__media\"><\/figure><\/div>\n\n\n\n<div class=\"wp-block-media-text has-media-on-the-right is-stacked-on-mobile\"><div class=\"wp-block-media-text__content\">\n<h3 class=\"wp-block-heading\">Basil Kerski<\/h3>\n\n\n\n<p>Direktor des European Solidarity Centre (ESC)<\/p>\n<\/div><figure class=\"wp-block-media-text__media\"><\/figure><\/div>\n\n\n\n<div class=\"wp-block-media-text has-media-on-the-right is-stacked-on-mobile\"><div class=\"wp-block-media-text__content\">\n<h3 class=\"wp-block-heading\">Prof. Dr. Raj Kollmorgen<\/h3>\n\n\n\n<p>Stellvertretender Institutsdirektor der Fakult\u00e4t Sozialwissenschaften der Hochschule Zittau\/G\u00f6rlitz<\/p>\n<\/div><figure class=\"wp-block-media-text__media\"><\/figure><\/div>\n\n\n\n<div class=\"wp-block-media-text has-media-on-the-right is-stacked-on-mobile\"><div class=\"wp-block-media-text__content\">\n<h3 class=\"wp-block-heading\">Lisi Maier<\/h3>\n\n\n\n<p>Direktorin der Bundesstiftung Gleichstellung<\/p>\n<\/div><figure class=\"wp-block-media-text__media\"><\/figure><\/div>\n\n\n\n<div class=\"wp-block-media-text has-media-on-the-right is-stacked-on-mobile\"><div class=\"wp-block-media-text__content\">\n<h3 class=\"wp-block-heading\">Dr. Helmut R\u00f6nz<\/h3>\n\n\n\n<p>Leitung des LVR-Instituts f\u00fcr Landeskunde und Regionalgeschichte<\/p>\n<\/div><figure class=\"wp-block-media-text__media\"><\/figure><\/div>\n\n\n\n<div class=\"wp-block-media-text has-media-on-the-right is-stacked-on-mobile\"><div class=\"wp-block-media-text__content\">\n<h3 class=\"wp-block-heading\">Prof. Dr. Mirjam Wenzel<\/h3>\n\n\n\n<p>Direktorin des J\u00fcdischen Museums Frankfurt<\/p>\n<\/div><figure class=\"wp-block-media-text__media\"><\/figure><\/div>\n\n\n\n<hr class=\"wp-block-separator has-alpha-channel-opacity\"\/>\n\n\n\n<h2 class=\"wp-block-heading has-text-align-center\"><strong>Ehemalige Mitglieder des Stiftungsbeirats<\/strong><\/h2>\n\n\n\n<div class=\"wp-block-media-text has-media-on-the-right is-stacked-on-mobile\"><div class=\"wp-block-media-text__content\">\n<h3 class=\"wp-block-heading\"><strong>Prof. Dr. Nicole Deitelhoff<\/strong><\/h3>\n\n\n\n<p>Gesch\u00e4ftsf\u00fchrendes Vorstandsmitglied des PRIF \u2013 Leibniz-Institut f\u00fcr Friedens- und Konfliktforschung<\/p>\n<\/div><figure class=\"wp-block-media-text__media\"><\/figure><\/div>\n\n\n\n<p><\/p>\n","protected":false},"excerpt":{"rendered":"<p>Stiftungsrat&nbsp; Der Stiftungsrat ist das h\u00f6chste Organ der Stiftung Orte der deutschen Demokratiegeschichte. Er beschlie\u00dft \u00fcber alle grunds\u00e4tzlichen Fragen der Stiftung, insbesondere \u00fcber die Satzung, die Grundz\u00fcge der Programmgestaltung, den Wirtschaftsplan und wichtige Personalentscheidungen. Er legt die F\u00f6rderrichtlinien und F\u00f6rderschwerpunkte der Stiftung fest und trifft grunds\u00e4tzlich die F\u00f6rderentscheidungen. (\u00a76 Abs 5 OrtedtDGStiftG)&nbsp; Die Mitglieder des [&hellip;]<\/p>\n","protected":false},"author":1,"featured_media":0,"parent":0,"menu_order":25,"comment_status":"closed","ping_status":"closed","template":"","meta":{"footnotes":""},"categories":[],"tags":[],"class_list":["post-9726","page","type-page","status-publish","hentry"],"yoast_head":"<!-- This site is optimized with the Yoast SEO plugin v23.5 - https:\/\/yoast.com\/wordpress\/plugins\/seo\/ -->\n<title>Gremien - Stiftung Orte der deutschen Demokratiegeschichte<\/title>\n<meta name=\"robots\" content=\"index, follow, max-snippet:-1, max-image-preview:large, max-video-preview:-1\" \/>\n<link rel=\"canonical\" href=\"https:\/\/www.demokratie-geschichte.de\/index.php\/gremien\/\" \/>\n<meta property=\"og:locale\" content=\"de_DE\" \/>\n<meta property=\"og:type\" content=\"article\" \/>\n<meta property=\"og:title\" content=\"Gremien - Stiftung Orte der deutschen Demokratiegeschichte\" \/>\n<meta property=\"og:description\" content=\"Stiftungsrat&nbsp; Der Stiftungsrat ist das h\u00f6chste Organ der Stiftung Orte der deutschen Demokratiegeschichte. Er beschlie\u00dft \u00fcber alle grunds\u00e4tzlichen Fragen der Stiftung, insbesondere \u00fcber die Satzung, die Grundz\u00fcge der Programmgestaltung, den Wirtschaftsplan und wichtige Personalentscheidungen. Er legt die F\u00f6rderrichtlinien und F\u00f6rderschwerpunkte der Stiftung fest und trifft grunds\u00e4tzlich die F\u00f6rderentscheidungen. (\u00a76 Abs 5 OrtedtDGStiftG)&nbsp; Die Mitglieder des [&hellip;]\" \/>\n<meta property=\"og:url\" content=\"https:\/\/www.demokratie-geschichte.de\/index.php\/gremien\/\" \/>\n<meta property=\"og:site_name\" content=\"Stiftung Orte der deutschen Demokratiegeschichte\" \/>\n<meta property=\"article:modified_time\" content=\"2026-03-24T17:14:02+00:00\" \/>\n<meta property=\"og:image\" content=\"https:\/\/www.demokratie-geschichte.de\/wp-content\/uploads\/2024\/10\/Bouffier_c-Tobias-Koch_Pressefoto-1024x683.jpg\" \/>\n<meta name=\"twitter:card\" content=\"summary_large_image\" \/>\n<meta name=\"twitter:label1\" content=\"Gesch\u00e4tzte Lesezeit\" \/>\n\t<meta name=\"twitter:data1\" content=\"4\u00a0Minuten\" \/>\n<script type=\"application\/ld+json\" class=\"yoast-schema-graph\">{\"@context\":\"https:\/\/schema.org\",\"@graph\":[{\"@type\":\"WebPage\",\"@id\":\"https:\/\/www.demokratie-geschichte.de\/index.php\/gremien\/\",\"url\":\"https:\/\/www.demokratie-geschichte.de\/index.php\/gremien\/\",\"name\":\"Gremien - Stiftung Orte der deutschen Demokratiegeschichte\",\"isPartOf\":{\"@id\":\"https:\/\/www.demokratie-geschichte.de\/index.php\/#website\"},\"primaryImageOfPage\":{\"@id\":\"https:\/\/www.demokratie-geschichte.de\/index.php\/gremien\/#primaryimage\"},\"image\":{\"@id\":\"https:\/\/www.demokratie-geschichte.de\/index.php\/gremien\/#primaryimage\"},\"thumbnailUrl\":\"https:\/\/www.demokratie-geschichte.de\/wp-content\/uploads\/2024\/10\/Bouffier_c-Tobias-Koch_Pressefoto-1024x683.jpg\",\"datePublished\":\"2024-05-19T22:24:49+00:00\",\"dateModified\":\"2026-03-24T17:14:02+00:00\",\"breadcrumb\":{\"@id\":\"https:\/\/www.demokratie-geschichte.de\/index.php\/gremien\/#breadcrumb\"},\"inLanguage\":\"de\",\"potentialAction\":[{\"@type\":\"ReadAction\",\"target\":[\"https:\/\/www.demokratie-geschichte.de\/index.php\/gremien\/\"]}]},{\"@type\":\"ImageObject\",\"inLanguage\":\"de\",\"@id\":\"https:\/\/www.demokratie-geschichte.de\/index.php\/gremien\/#primaryimage\",\"url\":\"https:\/\/www.demokratie-geschichte.de\/wp-content\/uploads\/2024\/10\/Bouffier_c-Tobias-Koch_Pressefoto-1024x683.jpg\",\"contentUrl\":\"https:\/\/www.demokratie-geschichte.de\/wp-content\/uploads\/2024\/10\/Bouffier_c-Tobias-Koch_Pressefoto-1024x683.jpg\"},{\"@type\":\"BreadcrumbList\",\"@id\":\"https:\/\/www.demokratie-geschichte.de\/index.php\/gremien\/#breadcrumb\",\"itemListElement\":[{\"@type\":\"ListItem\",\"position\":1,\"name\":\"Startseite\",\"item\":\"https:\/\/www.demokratie-geschichte.de\/index.php\/\"},{\"@type\":\"ListItem\",\"position\":2,\"name\":\"Gremien\"}]},{\"@type\":\"WebSite\",\"@id\":\"https:\/\/www.demokratie-geschichte.de\/index.php\/#website\",\"url\":\"https:\/\/www.demokratie-geschichte.de\/index.php\/\",\"name\":\"Stiftung Orte der deutschen Demokratiegeschichte\",\"description\":\"\",\"potentialAction\":[{\"@type\":\"SearchAction\",\"target\":{\"@type\":\"EntryPoint\",\"urlTemplate\":\"https:\/\/www.demokratie-geschichte.de\/index.php\/?s={search_term_string}\"},\"query-input\":{\"@type\":\"PropertyValueSpecification\",\"valueRequired\":true,\"valueName\":\"search_term_string\"}}],\"inLanguage\":\"de\"}]}<\/script>\n<!-- \/ Yoast SEO plugin. -->","yoast_head_json":{"title":"Gremien - Stiftung Orte der deutschen Demokratiegeschichte","robots":{"index":"index","follow":"follow","max-snippet":"max-snippet:-1","max-image-preview":"max-image-preview:large","max-video-preview":"max-video-preview:-1"},"canonical":"https:\/\/www.demokratie-geschichte.de\/index.php\/gremien\/","og_locale":"de_DE","og_type":"article","og_title":"Gremien - Stiftung Orte der deutschen Demokratiegeschichte","og_description":"Stiftungsrat&nbsp; Der Stiftungsrat ist das h\u00f6chste Organ der Stiftung Orte der deutschen Demokratiegeschichte. Er beschlie\u00dft \u00fcber alle grunds\u00e4tzlichen Fragen der Stiftung, insbesondere \u00fcber die Satzung, die Grundz\u00fcge der Programmgestaltung, den Wirtschaftsplan und wichtige Personalentscheidungen. Er legt die F\u00f6rderrichtlinien und F\u00f6rderschwerpunkte der Stiftung fest und trifft grunds\u00e4tzlich die F\u00f6rderentscheidungen. (\u00a76 Abs 5 OrtedtDGStiftG)&nbsp; Die Mitglieder des [&hellip;]","og_url":"https:\/\/www.demokratie-geschichte.de\/index.php\/gremien\/","og_site_name":"Stiftung Orte der deutschen Demokratiegeschichte","article_modified_time":"2026-03-24T17:14:02+00:00","og_image":[{"url":"https:\/\/www.demokratie-geschichte.de\/wp-content\/uploads\/2024\/10\/Bouffier_c-Tobias-Koch_Pressefoto-1024x683.jpg"}],"twitter_card":"summary_large_image","twitter_misc":{"Gesch\u00e4tzte Lesezeit":"4\u00a0Minuten"},"schema":{"@context":"https:\/\/schema.org","@graph":[{"@type":"WebPage","@id":"https:\/\/www.demokratie-geschichte.de\/index.php\/gremien\/","url":"https:\/\/www.demokratie-geschichte.de\/index.php\/gremien\/","name":"Gremien - Stiftung Orte der deutschen Demokratiegeschichte","isPartOf":{"@id":"https:\/\/www.demokratie-geschichte.de\/index.php\/#website"},"primaryImageOfPage":{"@id":"https:\/\/www.demokratie-geschichte.de\/index.php\/gremien\/#primaryimage"},"image":{"@id":"https:\/\/www.demokratie-geschichte.de\/index.php\/gremien\/#primaryimage"},"thumbnailUrl":"https:\/\/www.demokratie-geschichte.de\/wp-content\/uploads\/2024\/10\/Bouffier_c-Tobias-Koch_Pressefoto-1024x683.jpg","datePublished":"2024-05-19T22:24:49+00:00","dateModified":"2026-03-24T17:14:02+00:00","breadcrumb":{"@id":"https:\/\/www.demokratie-geschichte.de\/index.php\/gremien\/#breadcrumb"},"inLanguage":"de","potentialAction":[{"@type":"ReadAction","target":["https:\/\/www.demokratie-geschichte.de\/index.php\/gremien\/"]}]},{"@type":"ImageObject","inLanguage":"de","@id":"https:\/\/www.demokratie-geschichte.de\/index.php\/gremien\/#primaryimage","url":"https:\/\/www.demokratie-geschichte.de\/wp-content\/uploads\/2024\/10\/Bouffier_c-Tobias-Koch_Pressefoto-1024x683.jpg","contentUrl":"https:\/\/www.demokratie-geschichte.de\/wp-content\/uploads\/2024\/10\/Bouffier_c-Tobias-Koch_Pressefoto-1024x683.jpg"},{"@type":"BreadcrumbList","@id":"https:\/\/www.demokratie-geschichte.de\/index.php\/gremien\/#breadcrumb","itemListElement":[{"@type":"ListItem","position":1,"name":"Startseite","item":"https:\/\/www.demokratie-geschichte.de\/index.php\/"},{"@type":"ListItem","position":2,"name":"Gremien"}]},{"@type":"WebSite","@id":"https:\/\/www.demokratie-geschichte.de\/index.php\/#website","url":"https:\/\/www.demokratie-geschichte.de\/index.php\/","name":"Stiftung Orte der deutschen Demokratiegeschichte","description":"","potentialAction":[{"@type":"SearchAction","target":{"@type":"EntryPoint","urlTemplate":"https:\/\/www.demokratie-geschichte.de\/index.php\/?s={search_term_string}"},"query-input":{"@type":"PropertyValueSpecification","valueRequired":true,"valueName":"search_term_string"}}],"inLanguage":"de"}]}},"wps_subtitle":"","_links":{"self":[{"href":"https:\/\/www.demokratie-geschichte.de\/index.php\/wp-json\/wp\/v2\/pages\/9726","targetHints":{"allow":["GET"]}}],"collection":[{"href":"https:\/\/www.demokratie-geschichte.de\/index.php\/wp-json\/wp\/v2\/pages"}],"about":[{"href":"https:\/\/www.demokratie-geschichte.de\/index.php\/wp-json\/wp\/v2\/types\/page"}],"author":[{"embeddable":true,"href":"https:\/\/www.demokratie-geschichte.de\/index.php\/wp-json\/wp\/v2\/users\/1"}],"replies":[{"embeddable":true,"href":"https:\/\/www.demokratie-geschichte.de\/index.php\/wp-json\/wp\/v2\/comments?post=9726"}],"version-history":[{"count":47,"href":"https:\/\/www.demokratie-geschichte.de\/index.php\/wp-json\/wp\/v2\/pages\/9726\/revisions"}],"predecessor-version":[{"id":13421,"href":"https:\/\/www.demokratie-geschichte.de\/index.php\/wp-json\/wp\/v2\/pages\/9726\/revisions\/13421"}],"wp:attachment":[{"href":"https:\/\/www.demokratie-geschichte.de\/index.php\/wp-json\/wp\/v2\/media?parent=9726"}],"wp:term":[{"taxonomy":"category","embeddable":true,"href":"https:\/\/www.demokratie-geschichte.de\/index.php\/wp-json\/wp\/v2\/categories?post=9726"},{"taxonomy":"post_tag","embeddable":true,"href":"https:\/\/www.demokratie-geschichte.de\/index.php\/wp-json\/wp\/v2\/tags?post=9726"}],"curies":[{"name":"wp","href":"https:\/\/api.w.org\/{rel}","templated":true}]}}