{"id":4119,"date":"2021-04-26T12:35:34","date_gmt":"2021-04-26T10:35:34","guid":{"rendered":"https:\/\/www.demokratie-geschichte.de\/index.php\/?page_id=4119"},"modified":"2026-03-27T11:58:09","modified_gmt":"2026-03-27T10:58:09","slug":"debatte","status":"publish","type":"page","link":"https:\/\/www.demokratie-geschichte.de\/index.php\/debatte\/","title":{"rendered":"Debatte"},"content":{"rendered":"\n<p class=\"has-medium-font-size\">Unsere \u201e100 K\u00f6pfe der Demokratie\u201c sollen zur Diskussion anregen, schlie\u00dflich ist die kontroverse Debatte ein Kernelement der Demokratie selbst. Wie gehen wir mit ambivalenten Lebensl\u00e4ufen um? Welche blinden Flecken, Ausschl\u00fcsse und Irrwege geh\u00f6ren zu unserer demokratischen Geschichte? Haben wir sie ausreichend thematisiert? Diskutieren Sie mit uns!<\/p>\n\n\n\n<p class=\"has-medium-font-size\">Auf dieser Seite ver\u00f6ffentlichen wir Eingaben und Hinweise aller Art zum Projekt, die zum (kritischen) Austausch anregen.<\/p>\n\n\n\n<p class=\"has-medium-font-size\"><strong>&#8222;100 K\u00f6pfe der Demokratie. Starke Stimmen f\u00fcr ein Leben in Freiheit&#8220;<\/strong> <\/p>\n\n\n\n<ul class=\"wp-block-list\">\n<li><a href=\"https:\/\/www.das-parlament.de\/kultur\/politisches\/100-koepfe-fuer-ein-leben-in-freiheit\">Bericht \u00fcber die Vorstellung des Sachbuchs &#8222;100 K\u00f6pfe der Demokratie&#8220; mit Simon Schwartz und Jan Ruhkopf, 20.03.2026, Deutscher Dom, Berlin, in: Das Parlament, Onlineausgabe, 24.03.2026.<\/a><\/li>\n<\/ul>\n\n\n\n<p class=\"has-medium-font-size\"><em>Farbenfrohes Sachbuch zum Programm, illustriert vom renommierten Graphic-Novel K\u00fcnstler Simon Schwartz<\/em><\/p>\n\n\n\n<p>Wenn es um Demokratie geht, haben alle eine Meinung \u2013 und doch f\u00e4llt es gar nicht so leicht zu sagen, was zur Demokratie alles geh\u00f6rt. Eines ist aber klar: Demokratie wird f\u00fcr und von Menschen gemacht. 100 solcher Menschen stellt dieses Buch vor. Es sind Frauen und M\u00e4nner aus \u00fcber zwei Jahrhunderten, unter ihnen Politikerinnen und Widerstandsk\u00e4mpfer, Frauenrechtlerinnen und Wissenschaftler, Aktivistinnen und couragierte Privatpersonen. Was sie eint: der Kampf um gesellschaftliche Teilhabe und ein gerechteres Miteinander.<\/p>\n\n\n\n<figure class=\"wp-block-image size-large is-resized is-style-default\"><img loading=\"lazy\" decoding=\"async\" width=\"736\" height=\"1024\" src=\"https:\/\/www.demokratie-geschichte.de\/wp-content\/uploads\/2025\/08\/ARTK_CT3_9783446281240_0001-736x1024.png\" alt=\"Jan Ruhkopf (Hrsg.), 100 K\u00f6pfe der Demokratie. Starke Stimmen f\u00fcr ein Lebenin Freiheit. Illustriert von Simon Schwartz, M\u00fcnchen 2025.\" class=\"wp-image-12048\" style=\"width:397px;height:auto\" srcset=\"https:\/\/www.demokratie-geschichte.de\/wp-content\/uploads\/2025\/08\/ARTK_CT3_9783446281240_0001-736x1024.png 736w, https:\/\/www.demokratie-geschichte.de\/wp-content\/uploads\/2025\/08\/ARTK_CT3_9783446281240_0001-216x300.png 216w, https:\/\/www.demokratie-geschichte.de\/wp-content\/uploads\/2025\/08\/ARTK_CT3_9783446281240_0001-768x1068.png 768w, https:\/\/www.demokratie-geschichte.de\/wp-content\/uploads\/2025\/08\/ARTK_CT3_9783446281240_0001.png 863w\" sizes=\"auto, (max-width: 736px) 100vw, 736px\" \/><\/figure>\n\n\n\n<p><\/p>\n\n\n\n<p>Von Georg Forster \u00fcber Walther Rathenau und Marion Gr\u00e4fin D\u00f6nhoff bis May Ayim \u2013 100 spannende Lebensl\u00e4ufe, die eines verdeutlichen: Schon ein einzelner Mensch kann einen gro\u00dfen Unterschied machen.<\/p>\n\n\n\n<p>&#8222;100 K\u00f6pfe der Demokratie. Starke Stimmen f\u00fcr ein Lebenin Freiheit&#8220; \u2013 ab sofort beim <a href=\"https:\/\/www.hanser-literaturverlage.de\/buch\/100-koepfe-der-demokratie-9783446281240-t-5652\" target=\"_blank\" rel=\"noreferrer noopener\">Hanser Verlag<\/a> oder direkt \u00fcber die <a href=\"https:\/\/www.theodor-heuss-haus.de\/\" target=\"_blank\" rel=\"noreferrer noopener\">Stiftung Bundespr\u00e4sident-Theodor-Heuss-Haus<\/a> lieferbar. Einzigartig illustriert aus der Hand des bekannten Zeichners Simon Schwartz!<\/p>\n\n\n\n<p>Interesse an einer Buchvorstellung? <a href=\"https:\/\/www.demokratie-geschichte.de\/wp-content\/uploads\/2025\/08\/100Koepfe_Veranstaltungskonzept.pdf\" target=\"_blank\" rel=\"noreferrer noopener\">Hier mehr erfahren.<\/a><\/p>\n\n\n\n<p class=\"has-medium-font-size\"><strong>Diskussionen \u00fcber die Plattform insgesamt<\/strong><\/p>\n\n\n\n<ul class=\"wp-block-list\">\n<li><a href=\"https:\/\/www.ku.de\/events\/offene-demokratiegeschichte\" target=\"_blank\" rel=\"noreferrer noopener\">Vorstellung und Diskussion der Plattform, Katholische Universit\u00e4t Eichst\u00e4tt-Ingolstadt: \u201eOffene Demokratiegeschichte. Die &#8218;100 K\u00f6pfe der Demokratie&#8216; und die Neuvermessung der Erinnerungskultur.\u201c, 11.07.2<\/a><a href=\"https:\/\/www.ku.de\/events\/offene-demokratiegeschichte\">023<\/a><\/li>\n\n\n\n<li><a href=\"https:\/\/www.theodor-heuss-haus.de\/news\/detail\/digitalplattform-100-koepfe-der-demokratie-ausgezeichnet-1\" target=\"_blank\" rel=\"noreferrer noopener\">W\u00fcrdigung der Plattform als innovativer Zugang zur Demokratiegeschichte, 17.03.2023<\/a><\/li>\n\n\n\n<li><a href=\"https:\/\/youtu.be\/eW354sR6y1M\">Veranstaltung im Rahmen des Historikertages 2021: \u201e100 K\u00f6pfe der Demokratie. Ein erinnerungspolitisches Projekt in der Debatte\u201c, 04.10.2021<\/a><\/li>\n<\/ul>\n\n\n\n<p class=\"has-medium-font-size\"><strong>Demokratiegeschichte in postkolonialer Perspektive<\/strong><\/p>\n\n\n\n<ul class=\"wp-block-list\">\n<li><a href=\"https:\/\/www.demokratie-geschichte.de\/wp-content\/uploads\/2021\/04\/Offener-Brief-an-AG-Orte-der-Demokratiegeschichte_Decolonize-Buendnis.pdf\">Offener Brief des Decolonize-B\u00fcndnisses, 25.02.2021 <\/a><\/li>\n\n\n\n<li><a href=\"https:\/\/www.demokratie-geschichte.de\/wp-content\/uploads\/2021\/04\/Zum-offenen-Brief-Decolonize-Buendnis_Stellungnahme-100-Ko\u0308pfe-der-Demokratie.pdf\">Stellungnahme des Projekts \u201e100 K\u00f6pfe der Demokratie\u201c zum Offenen Brief des Decolonize-B\u00fcndnisses, 10.03.2021<\/a><\/li>\n\n\n\n<li><a href=\"https:\/\/www.youtube.com\/watch?v=gL-o-lTgD2k\">Veranstaltung im Rahmen des Historikertages 2021: \u201eDeutsche Staatsm\u00e4nner postkolonial. Eine geschichtspolitische Herausforderung&#8220;, 06.10.2021<\/a><\/li>\n<\/ul>\n","protected":false},"excerpt":{"rendered":"<p>Unsere \u201e100 K\u00f6pfe der Demokratie\u201c sollen zur Diskussion anregen, schlie\u00dflich ist die kontroverse Debatte ein Kernelement der Demokratie selbst. Wie gehen wir mit ambivalenten Lebensl\u00e4ufen um? Welche blinden Flecken, Ausschl\u00fcsse und Irrwege geh\u00f6ren zu unserer demokratischen Geschichte? Haben wir sie ausreichend thematisiert? Diskutieren Sie mit uns! Auf dieser Seite ver\u00f6ffentlichen wir Eingaben und Hinweise aller [&hellip;]<\/p>\n","protected":false},"author":1,"featured_media":0,"parent":0,"menu_order":41,"comment_status":"closed","ping_status":"closed","template":"","meta":{"footnotes":""},"categories":[14],"tags":[],"class_list":["post-4119","page","type-page","status-publish","hentry","category-koepfe"],"yoast_head":"<!-- This site is optimized with the Yoast SEO plugin v23.5 - https:\/\/yoast.com\/wordpress\/plugins\/seo\/ -->\n<title>Debatte - Stiftung Orte der deutschen Demokratiegeschichte<\/title>\n<meta name=\"robots\" content=\"index, follow, max-snippet:-1, max-image-preview:large, max-video-preview:-1\" \/>\n<link rel=\"canonical\" href=\"https:\/\/www.demokratie-geschichte.de\/index.php\/debatte\/\" \/>\n<meta property=\"og:locale\" content=\"de_DE\" \/>\n<meta property=\"og:type\" content=\"article\" \/>\n<meta property=\"og:title\" content=\"Debatte - Stiftung Orte der deutschen Demokratiegeschichte\" \/>\n<meta property=\"og:description\" content=\"Unsere \u201e100 K\u00f6pfe der Demokratie\u201c sollen zur Diskussion anregen, schlie\u00dflich ist die kontroverse Debatte ein Kernelement der Demokratie selbst. Wie gehen wir mit ambivalenten Lebensl\u00e4ufen um? Welche blinden Flecken, Ausschl\u00fcsse und Irrwege geh\u00f6ren zu unserer demokratischen Geschichte? Haben wir sie ausreichend thematisiert? Diskutieren Sie mit uns! Auf dieser Seite ver\u00f6ffentlichen wir Eingaben und Hinweise aller [&hellip;]\" \/>\n<meta property=\"og:url\" content=\"https:\/\/www.demokratie-geschichte.de\/index.php\/debatte\/\" \/>\n<meta property=\"og:site_name\" content=\"Stiftung Orte der deutschen Demokratiegeschichte\" \/>\n<meta property=\"article:modified_time\" content=\"2026-03-27T10:58:09+00:00\" \/>\n<meta property=\"og:image\" content=\"https:\/\/www.demokratie-geschichte.de\/wp-content\/uploads\/2025\/08\/ARTK_CT3_9783446281240_0001-736x1024.png\" \/>\n<meta name=\"twitter:card\" content=\"summary_large_image\" \/>\n<meta name=\"twitter:label1\" content=\"Gesch\u00e4tzte Lesezeit\" \/>\n\t<meta name=\"twitter:data1\" content=\"3\u00a0Minuten\" \/>\n<script type=\"application\/ld+json\" class=\"yoast-schema-graph\">{\"@context\":\"https:\/\/schema.org\",\"@graph\":[{\"@type\":\"WebPage\",\"@id\":\"https:\/\/www.demokratie-geschichte.de\/index.php\/debatte\/\",\"url\":\"https:\/\/www.demokratie-geschichte.de\/index.php\/debatte\/\",\"name\":\"Debatte - Stiftung Orte der deutschen Demokratiegeschichte\",\"isPartOf\":{\"@id\":\"https:\/\/www.demokratie-geschichte.de\/index.php\/#website\"},\"primaryImageOfPage\":{\"@id\":\"https:\/\/www.demokratie-geschichte.de\/index.php\/debatte\/#primaryimage\"},\"image\":{\"@id\":\"https:\/\/www.demokratie-geschichte.de\/index.php\/debatte\/#primaryimage\"},\"thumbnailUrl\":\"https:\/\/www.demokratie-geschichte.de\/wp-content\/uploads\/2025\/08\/ARTK_CT3_9783446281240_0001-736x1024.png\",\"datePublished\":\"2021-04-26T10:35:34+00:00\",\"dateModified\":\"2026-03-27T10:58:09+00:00\",\"breadcrumb\":{\"@id\":\"https:\/\/www.demokratie-geschichte.de\/index.php\/debatte\/#breadcrumb\"},\"inLanguage\":\"de\",\"potentialAction\":[{\"@type\":\"ReadAction\",\"target\":[\"https:\/\/www.demokratie-geschichte.de\/index.php\/debatte\/\"]}]},{\"@type\":\"ImageObject\",\"inLanguage\":\"de\",\"@id\":\"https:\/\/www.demokratie-geschichte.de\/index.php\/debatte\/#primaryimage\",\"url\":\"https:\/\/www.demokratie-geschichte.de\/wp-content\/uploads\/2025\/08\/ARTK_CT3_9783446281240_0001-736x1024.png\",\"contentUrl\":\"https:\/\/www.demokratie-geschichte.de\/wp-content\/uploads\/2025\/08\/ARTK_CT3_9783446281240_0001-736x1024.png\"},{\"@type\":\"BreadcrumbList\",\"@id\":\"https:\/\/www.demokratie-geschichte.de\/index.php\/debatte\/#breadcrumb\",\"itemListElement\":[{\"@type\":\"ListItem\",\"position\":1,\"name\":\"Startseite\",\"item\":\"https:\/\/www.demokratie-geschichte.de\/index.php\/\"},{\"@type\":\"ListItem\",\"position\":2,\"name\":\"Debatte\"}]},{\"@type\":\"WebSite\",\"@id\":\"https:\/\/www.demokratie-geschichte.de\/index.php\/#website\",\"url\":\"https:\/\/www.demokratie-geschichte.de\/index.php\/\",\"name\":\"Stiftung Orte der deutschen Demokratiegeschichte\",\"description\":\"\",\"potentialAction\":[{\"@type\":\"SearchAction\",\"target\":{\"@type\":\"EntryPoint\",\"urlTemplate\":\"https:\/\/www.demokratie-geschichte.de\/index.php\/?s={search_term_string}\"},\"query-input\":{\"@type\":\"PropertyValueSpecification\",\"valueRequired\":true,\"valueName\":\"search_term_string\"}}],\"inLanguage\":\"de\"}]}<\/script>\n<!-- \/ Yoast SEO plugin. -->","yoast_head_json":{"title":"Debatte - Stiftung Orte der deutschen Demokratiegeschichte","robots":{"index":"index","follow":"follow","max-snippet":"max-snippet:-1","max-image-preview":"max-image-preview:large","max-video-preview":"max-video-preview:-1"},"canonical":"https:\/\/www.demokratie-geschichte.de\/index.php\/debatte\/","og_locale":"de_DE","og_type":"article","og_title":"Debatte - Stiftung Orte der deutschen Demokratiegeschichte","og_description":"Unsere \u201e100 K\u00f6pfe der Demokratie\u201c sollen zur Diskussion anregen, schlie\u00dflich ist die kontroverse Debatte ein Kernelement der Demokratie selbst. Wie gehen wir mit ambivalenten Lebensl\u00e4ufen um? Welche blinden Flecken, Ausschl\u00fcsse und Irrwege geh\u00f6ren zu unserer demokratischen Geschichte? Haben wir sie ausreichend thematisiert? Diskutieren Sie mit uns! Auf dieser Seite ver\u00f6ffentlichen wir Eingaben und Hinweise aller [&hellip;]","og_url":"https:\/\/www.demokratie-geschichte.de\/index.php\/debatte\/","og_site_name":"Stiftung Orte der deutschen Demokratiegeschichte","article_modified_time":"2026-03-27T10:58:09+00:00","og_image":[{"url":"https:\/\/www.demokratie-geschichte.de\/wp-content\/uploads\/2025\/08\/ARTK_CT3_9783446281240_0001-736x1024.png"}],"twitter_card":"summary_large_image","twitter_misc":{"Gesch\u00e4tzte Lesezeit":"3\u00a0Minuten"},"schema":{"@context":"https:\/\/schema.org","@graph":[{"@type":"WebPage","@id":"https:\/\/www.demokratie-geschichte.de\/index.php\/debatte\/","url":"https:\/\/www.demokratie-geschichte.de\/index.php\/debatte\/","name":"Debatte - Stiftung Orte der deutschen Demokratiegeschichte","isPartOf":{"@id":"https:\/\/www.demokratie-geschichte.de\/index.php\/#website"},"primaryImageOfPage":{"@id":"https:\/\/www.demokratie-geschichte.de\/index.php\/debatte\/#primaryimage"},"image":{"@id":"https:\/\/www.demokratie-geschichte.de\/index.php\/debatte\/#primaryimage"},"thumbnailUrl":"https:\/\/www.demokratie-geschichte.de\/wp-content\/uploads\/2025\/08\/ARTK_CT3_9783446281240_0001-736x1024.png","datePublished":"2021-04-26T10:35:34+00:00","dateModified":"2026-03-27T10:58:09+00:00","breadcrumb":{"@id":"https:\/\/www.demokratie-geschichte.de\/index.php\/debatte\/#breadcrumb"},"inLanguage":"de","potentialAction":[{"@type":"ReadAction","target":["https:\/\/www.demokratie-geschichte.de\/index.php\/debatte\/"]}]},{"@type":"ImageObject","inLanguage":"de","@id":"https:\/\/www.demokratie-geschichte.de\/index.php\/debatte\/#primaryimage","url":"https:\/\/www.demokratie-geschichte.de\/wp-content\/uploads\/2025\/08\/ARTK_CT3_9783446281240_0001-736x1024.png","contentUrl":"https:\/\/www.demokratie-geschichte.de\/wp-content\/uploads\/2025\/08\/ARTK_CT3_9783446281240_0001-736x1024.png"},{"@type":"BreadcrumbList","@id":"https:\/\/www.demokratie-geschichte.de\/index.php\/debatte\/#breadcrumb","itemListElement":[{"@type":"ListItem","position":1,"name":"Startseite","item":"https:\/\/www.demokratie-geschichte.de\/index.php\/"},{"@type":"ListItem","position":2,"name":"Debatte"}]},{"@type":"WebSite","@id":"https:\/\/www.demokratie-geschichte.de\/index.php\/#website","url":"https:\/\/www.demokratie-geschichte.de\/index.php\/","name":"Stiftung Orte der deutschen Demokratiegeschichte","description":"","potentialAction":[{"@type":"SearchAction","target":{"@type":"EntryPoint","urlTemplate":"https:\/\/www.demokratie-geschichte.de\/index.php\/?s={search_term_string}"},"query-input":{"@type":"PropertyValueSpecification","valueRequired":true,"valueName":"search_term_string"}}],"inLanguage":"de"}]}},"wps_subtitle":"","_links":{"self":[{"href":"https:\/\/www.demokratie-geschichte.de\/index.php\/wp-json\/wp\/v2\/pages\/4119","targetHints":{"allow":["GET"]}}],"collection":[{"href":"https:\/\/www.demokratie-geschichte.de\/index.php\/wp-json\/wp\/v2\/pages"}],"about":[{"href":"https:\/\/www.demokratie-geschichte.de\/index.php\/wp-json\/wp\/v2\/types\/page"}],"author":[{"embeddable":true,"href":"https:\/\/www.demokratie-geschichte.de\/index.php\/wp-json\/wp\/v2\/users\/1"}],"replies":[{"embeddable":true,"href":"https:\/\/www.demokratie-geschichte.de\/index.php\/wp-json\/wp\/v2\/comments?post=4119"}],"version-history":[{"count":17,"href":"https:\/\/www.demokratie-geschichte.de\/index.php\/wp-json\/wp\/v2\/pages\/4119\/revisions"}],"predecessor-version":[{"id":13436,"href":"https:\/\/www.demokratie-geschichte.de\/index.php\/wp-json\/wp\/v2\/pages\/4119\/revisions\/13436"}],"wp:attachment":[{"href":"https:\/\/www.demokratie-geschichte.de\/index.php\/wp-json\/wp\/v2\/media?parent=4119"}],"wp:term":[{"taxonomy":"category","embeddable":true,"href":"https:\/\/www.demokratie-geschichte.de\/index.php\/wp-json\/wp\/v2\/categories?post=4119"},{"taxonomy":"post_tag","embeddable":true,"href":"https:\/\/www.demokratie-geschichte.de\/index.php\/wp-json\/wp\/v2\/tags?post=4119"}],"curies":[{"name":"wp","href":"https:\/\/api.w.org\/{rel}","templated":true}]}}